{"id":1498,"date":"2023-01-19T13:05:02","date_gmt":"2023-01-19T12:05:02","guid":{"rendered":"http:\/\/neu.klaudiadietewich.de\/?page_id=1498"},"modified":"2023-02-06T14:48:23","modified_gmt":"2023-02-06T13:48:23","slug":"klaudia-dietewich-installationen","status":"publish","type":"page","link":"https:\/\/klaudiadietewich.de\/en\/klaudia-dietewich-installationen\/","title":{"rendered":"Klaudia Dietewich Installationen"},"content":{"rendered":"<p>[et_pb_section fb_built=&#8220;1&#8243; _builder_version=&#8220;4.19.0&#8243; _module_preset=&#8220;default&#8220; background_color=&#8220;#e2e0de&#8220; global_colors_info=&#8220;{}&#8220;][et_pb_row _builder_version=&#8220;4.19.0&#8243; _module_preset=&#8220;default&#8220; global_colors_info=&#8220;{}&#8220;][et_pb_column type=&#8220;4_4&#8243; _builder_version=&#8220;4.19.0&#8243; _module_preset=&#8220;default&#8220; global_colors_info=&#8220;{}&#8220;][et_pb_text _builder_version=&#8220;4.19.4&#8243; _module_preset=&#8220;default&#8220; global_colors_info=&#8220;{}&#8220;]<\/p>\n<h1>Installationen<\/h1>\n<p>[\/et_pb_text][et_pb_divider _builder_version=&#8220;4.19.0&#8243; _module_preset=&#8220;default&#8220; global_colors_info=&#8220;{}&#8220;][\/et_pb_divider][\/et_pb_column][\/et_pb_row][et_pb_row column_structure=&#8220;1_2,1_2&#8243; _builder_version=&#8220;4.19.0&#8243; _module_preset=&#8220;default&#8220; locked=&#8220;off&#8220; global_colors_info=&#8220;{}&#8220;][et_pb_column type=&#8220;1_2&#8243; _builder_version=&#8220;4.19.0&#8243; _module_preset=&#8220;default&#8220; global_colors_info=&#8220;{}&#8220;][et_pb_image src=&#8220;http:\/\/neu.klaudiadietewich.de\/wp-content\/uploads\/2023\/01\/Klaudia-Dietewich-Kuenstlerin-2022-regarde-le-ciel-regarde-Kirchberg-a.d.-Jagst-WEB.jpg&#8220; title_text=&#8220;Klaudia Dietewich K\u00fcnstlerin 2022, regarde le ciel, regarde, Kirchberg a.d. Jagst WEB&#8220; show_in_lightbox=&#8220;on&#8220; _builder_version=&#8220;4.19.4&#8243; _module_preset=&#8220;default&#8220; global_colors_info=&#8220;{}&#8220;][\/et_pb_image][et_pb_text _builder_version=&#8220;4.19.4&#8243; _module_preset=&#8220;default&#8220; global_colors_info=&#8220;{}&#8220;]<\/p>\n<p>Klaudia Dietewich \u201eregarde le ciel, regarde, Kirchberg a. d. Jagst, 2022\u201c<\/p>\n<p>[\/et_pb_text][et_pb_image src=&#8220;http:\/\/neu.klaudiadietewich.de\/wp-content\/uploads\/2023\/01\/Klaudia-Dietewich-Kuenstlerin-2016-2-Installation-Wegstuecke-Mutlangen-Wohnquartier-Mutlanger-Heide-WEB.jpg&#8220; title_text=&#8220;Klaudia Dietewich K\u00fcnstlerin 2016-2, Installation Wegst\u00fccke, Mutlangen, Wohnquartier Mutlanger Heide WEB&#8220; show_in_lightbox=&#8220;on&#8220; _builder_version=&#8220;4.19.4&#8243; _module_preset=&#8220;default&#8220; global_colors_info=&#8220;{}&#8220;][\/et_pb_image][et_pb_text _builder_version=&#8220;4.19.4&#8243; _module_preset=&#8220;default&#8220; global_colors_info=&#8220;{}&#8220;]<\/p>\n<p>Klaudia Dietewich \u201eInstallation Wegst\u00fccke, Mutlangen, Wohnquartier Mutlanger Heide, 2016\u201c<\/p>\n<p>[\/et_pb_text][et_pb_image src=&#8220;http:\/\/neu.klaudiadietewich.de\/wp-content\/uploads\/2023\/01\/Klaudia-Dietewich-Kuenstlerin-2015-unter-uns-Staedtische-Galerie-Filderstadt-WEB.jpg&#8220; title_text=&#8220;Klaudia Dietewich K\u00fcnstlerin 2015, unter uns, St\u00e4dtische Galerie Filderstadt WEB&#8220; show_in_lightbox=&#8220;on&#8220; _builder_version=&#8220;4.19.4&#8243; _module_preset=&#8220;default&#8220; global_colors_info=&#8220;{}&#8220;][\/et_pb_image][et_pb_text _builder_version=&#8220;4.19.4&#8243; _module_preset=&#8220;default&#8220; global_colors_info=&#8220;{}&#8220;]<\/p>\n<p>Klaudia Dietewich \u201eunter uns, St\u00e4dtische Galerie Filderstadt, 2015\u201c<\/p>\n<p>[\/et_pb_text][\/et_pb_column][et_pb_column type=&#8220;1_2&#8243; _builder_version=&#8220;4.19.0&#8243; _module_preset=&#8220;default&#8220; global_colors_info=&#8220;{}&#8220;][et_pb_image src=&#8220;http:\/\/neu.klaudiadietewich.de\/wp-content\/uploads\/2023\/01\/Klaudia-Dietewich-Kuenstlerin-2022-Metalimnion-regarde-Kirchberg-a.d.-Jagst-WEB.jpg&#8220; title_text=&#8220;Klaudia Dietewich K\u00fcnstlerin 2022, Metalimnion, regarde, Kirchberg a.d. Jagst WEB&#8220; show_in_lightbox=&#8220;on&#8220; _builder_version=&#8220;4.19.4&#8243; _module_preset=&#8220;default&#8220; global_colors_info=&#8220;{}&#8220;][\/et_pb_image][et_pb_text _builder_version=&#8220;4.19.4&#8243; _module_preset=&#8220;default&#8220; global_colors_info=&#8220;{}&#8220;]<\/p>\n<p>Klaudia Dietewich \u201e\u00a0Metalimnion, regarde, Kirchberg a. d. Jagst, 2022\u201c<\/p>\n<p>[\/et_pb_text][et_pb_image src=&#8220;http:\/\/neu.klaudiadietewich.de\/wp-content\/uploads\/2023\/01\/Klaudia-Dietewich-Kuenstlerin-2016-1-Installation-Wegstuecke-Mutlangen-Wohnquartier-Mutlanger-Heide-WEB.jpg&#8220; title_text=&#8220;Klaudia Dietewich K\u00fcnstlerin 2016-1, Installation Wegst\u00fccke, Mutlangen, Wohnquartier Mutlanger Heide WEB&#8220; show_in_lightbox=&#8220;on&#8220; _builder_version=&#8220;4.19.4&#8243; _module_preset=&#8220;default&#8220; global_colors_info=&#8220;{}&#8220;][\/et_pb_image][et_pb_text _builder_version=&#8220;4.19.4&#8243; _module_preset=&#8220;default&#8220; global_colors_info=&#8220;{}&#8220;]<\/p>\n<p>Klaudia Dietewich \u201eInstallation Wegst\u00fccke, Mutlangen, Wohnquartier Mutlanger Heide, 2016\u201c<\/p>\n<p>[\/et_pb_text][\/et_pb_column][\/et_pb_row][et_pb_row column_structure=&#8220;1_2,1_2&#8243; _builder_version=&#8220;4.19.0&#8243; _module_preset=&#8220;default&#8220; locked=&#8220;off&#8220; global_colors_info=&#8220;{}&#8220;][et_pb_column type=&#8220;1_2&#8243; _builder_version=&#8220;4.19.0&#8243; _module_preset=&#8220;default&#8220; global_colors_info=&#8220;{}&#8220;][et_pb_image src=&#8220;http:\/\/neu.klaudiadietewich.de\/wp-content\/uploads\/2023\/01\/Klaudia-Dietewich-Kuenstlerin-2015-regarde-le-ciel-angst-City-Kirche-Konkordien-Mannheim-WEB.jpg&#8220; title_text=&#8220;Klaudia Dietewich K\u00fcnstlerin 2015, regarde le ciel, angst, City Kirche Konkordien, Mannheim WEB&#8220; show_in_lightbox=&#8220;on&#8220; _builder_version=&#8220;4.19.4&#8243; _module_preset=&#8220;default&#8220; global_colors_info=&#8220;{}&#8220;][\/et_pb_image][et_pb_text _builder_version=&#8220;4.19.4&#8243; _module_preset=&#8220;default&#8220; global_colors_info=&#8220;{}&#8220;]<\/p>\n<p>Klaudia Dietewich \u201eregarde le ciel, angst, City Kirche Konkordien<br \/>Mannheim, 2015\u201c<\/p>\n<p>[\/et_pb_text][et_pb_image src=&#8220;http:\/\/neu.klaudiadietewich.de\/wp-content\/uploads\/2023\/01\/Klaudia-Dietewich-Kuenstlerin-2014-4-Himmel-und-Hoelle-Underground-Fort-de-Maginot-Schoenenbourg-F-WEB.jpg&#8220; title_text=&#8220;Klaudia Dietewich K\u00fcnstlerin 2014-4, Himmel und H\u00f6lle, Underground, Fort de Maginot, Schoenenbourg (F) WEB&#8220; show_in_lightbox=&#8220;on&#8220; _builder_version=&#8220;4.19.4&#8243; _module_preset=&#8220;default&#8220; global_colors_info=&#8220;{}&#8220;][\/et_pb_image][et_pb_text _builder_version=&#8220;4.19.4&#8243; _module_preset=&#8220;default&#8220; global_colors_info=&#8220;{}&#8220;]<\/p>\n<p>Klaudia Dietewich \u201eHimmel und H\u00f6lle, Underground, Fort de Maginot<br \/>Schoenenbourg (F), 2014\u201c<\/p>\n<p>[\/et_pb_text][\/et_pb_column][et_pb_column type=&#8220;1_2&#8243; _builder_version=&#8220;4.19.0&#8243; _module_preset=&#8220;default&#8220; global_colors_info=&#8220;{}&#8220;][et_pb_image src=&#8220;http:\/\/neu.klaudiadietewich.de\/wp-content\/uploads\/2023\/01\/Klaudia-Dietewich-Kuenstlerin-2015-Himmel-und-Hoelle-ueber-wege-\u00b7-ueber-reste-\u00b7-ueber-tage-Galerie-Rheinhausen-Duisburg-WEB.jpg&#8220; title_text=&#8220;Klaudia Dietewich K\u00fcnstlerin 2015, Himmel und H\u00f6lle, \u00fcber wege \u00b7 \u00fcber reste \u00b7 \u00fcber tage, Galerie Rheinhausen, Duisburg WEB&#8220; show_in_lightbox=&#8220;on&#8220; _builder_version=&#8220;4.19.4&#8243; _module_preset=&#8220;default&#8220; global_colors_info=&#8220;{}&#8220;][\/et_pb_image][et_pb_text _builder_version=&#8220;4.19.4&#8243; _module_preset=&#8220;default&#8220; global_colors_info=&#8220;{}&#8220;]<\/p>\n<p>Klaudia Dietewich \u201e Himmel und H\u00f6lle, \u00fcber wege \u00b7 \u00fcber reste \u00b7 \u00fcber tage<br \/><span>Wilhelm-Lehmbruck-Museums Duisburg-Rheinhausen<\/span>, Duisburg, 2015\u201c<\/p>\n<p>[\/et_pb_text][et_pb_image src=&#8220;http:\/\/neu.klaudiadietewich.de\/wp-content\/uploads\/2023\/01\/Klaudia-Dietewich-Kuenstlerin-2014-3-regarde-le-ciel-Underground-Fort-de-Maginot-Schoenenbourg-F-WEB.jpg&#8220; title_text=&#8220;Klaudia Dietewich K\u00fcnstlerin 2014-3, regarde le ciel, Underground, Fort de Maginot, Schoenenbourg (F) WEB&#8220; show_in_lightbox=&#8220;on&#8220; _builder_version=&#8220;4.19.4&#8243; _module_preset=&#8220;default&#8220; global_colors_info=&#8220;{}&#8220;][\/et_pb_image][et_pb_text _builder_version=&#8220;4.19.4&#8243; _module_preset=&#8220;default&#8220; global_colors_info=&#8220;{}&#8220;]<\/p>\n<p>Klaudia Dietewich \u201eregarde le ciel,\u00a0Underground, Fort de Maginot<br \/>Schoenenbourg (F), 2014\u201c<\/p>\n<p>[\/et_pb_text][\/et_pb_column][\/et_pb_row][et_pb_row column_structure=&#8220;1_2,1_2&#8243; _builder_version=&#8220;4.19.0&#8243; _module_preset=&#8220;default&#8220; locked=&#8220;off&#8220; global_colors_info=&#8220;{}&#8220;][et_pb_column type=&#8220;1_2&#8243; _builder_version=&#8220;4.19.0&#8243; _module_preset=&#8220;default&#8220; global_colors_info=&#8220;{}&#8220;][et_pb_image src=&#8220;http:\/\/neu.klaudiadietewich.de\/wp-content\/uploads\/2023\/01\/Klaudia-Dietewich-Kuenstlerin-2014-2-regarde-le-ciel-Grand-Palais-Paris-F-WEB.jpg&#8220; title_text=&#8220;Klaudia Dietewich K\u00fcnstlerin 2014-2, regarde le ciel, Grand Palais Paris (F) WEB&#8220; show_in_lightbox=&#8220;on&#8220; _builder_version=&#8220;4.19.4&#8243; _module_preset=&#8220;default&#8220; global_colors_info=&#8220;{}&#8220;][\/et_pb_image][et_pb_text _builder_version=&#8220;4.19.4&#8243; _module_preset=&#8220;default&#8220; global_colors_info=&#8220;{}&#8220;]<\/p>\n<p>Klaudia Dietewich \u201eregarde le ciel, Grand Palais Paris (F), 2014\u201c<\/p>\n<p>[\/et_pb_text][et_pb_image src=&#8220;http:\/\/neu.klaudiadietewich.de\/wp-content\/uploads\/2023\/01\/Klaudia-Dietewich-Kuenstlerin-2012-Where-Ostrale-Dresden-WEB.jpg&#8220; title_text=&#8220;Klaudia Dietewich K\u00fcnstlerin 2012, Where, Ostrale Dresden WEB&#8220; show_in_lightbox=&#8220;on&#8220; _builder_version=&#8220;4.19.4&#8243; _module_preset=&#8220;default&#8220; global_colors_info=&#8220;{}&#8220;][\/et_pb_image][et_pb_text _builder_version=&#8220;4.19.4&#8243; _module_preset=&#8220;default&#8220; global_colors_info=&#8220;{}&#8220;]<\/p>\n<p>Klaudia Dietewich \u201eWhere, Ostrale Dresden, 2012\u201c<\/p>\n<p>[\/et_pb_text][\/et_pb_column][et_pb_column type=&#8220;1_2&#8243; _builder_version=&#8220;4.19.0&#8243; _module_preset=&#8220;default&#8220; global_colors_info=&#8220;{}&#8220;][et_pb_image src=&#8220;http:\/\/neu.klaudiadietewich.de\/wp-content\/uploads\/2023\/01\/Klaudia-Dietewich-Kuenstlerin-2014-1-Metalminion-Entdeckung-Kunst-und-Gewerbeverein-Regensburg-WEB.jpg&#8220; title_text=&#8220;Klaudia Dietewich K\u00fcnstlerin 2014-1, Metalminion, Entdeckung, Kunst- und Gewerbeverein Regensburg WEB&#8220; show_in_lightbox=&#8220;on&#8220; _builder_version=&#8220;4.19.4&#8243; _module_preset=&#8220;default&#8220; global_colors_info=&#8220;{}&#8220;][\/et_pb_image][et_pb_text _builder_version=&#8220;4.19.4&#8243; _module_preset=&#8220;default&#8220; global_colors_info=&#8220;{}&#8220;]<\/p>\n<p>Klaudia Dietewich \u201e Metalminion, Entdeckung, Kunst- und Gewerbeverein<br \/>Regensburg, 2014\u201c<\/p>\n<p>[\/et_pb_text][et_pb_image src=&#8220;http:\/\/neu.klaudiadietewich.de\/wp-content\/uploads\/2023\/01\/Klaudia-Dietewich-Kuenstlerin-2010-13-Tempelhof-AnFlug\u2013NachtFlug\u2013-AusFlug-Videoinstallation-Galerie-im-Heppaecher-WEB.jpg&#8220; title_text=&#8220;Klaudia Dietewich K\u00fcnstlerin 2010-13, Tempelhof, An=Flug\u2013Nacht=Flug\u2013 Aus=Flug, Videoinstallation, Galerie im Hepp\u00e4cher WEB&#8220; show_in_lightbox=&#8220;on&#8220; _builder_version=&#8220;4.19.4&#8243; _module_preset=&#8220;default&#8220; global_colors_info=&#8220;{}&#8220;][\/et_pb_image][et_pb_text _builder_version=&#8220;4.19.4&#8243; _module_preset=&#8220;default&#8220; global_colors_info=&#8220;{}&#8220;]<\/p>\n<p>Klaudia Dietewich \u201eTempelhof, An=Flug\u2013Nacht=Flug\u2013 Aus=Flug<br \/>Videoinstallation, Galerie im Hepp\u00e4cher,\u00a02010\u201c<\/p>\n<p>[\/et_pb_text][\/et_pb_column][\/et_pb_row][et_pb_row column_structure=&#8220;1_2,1_2&#8243; _builder_version=&#8220;4.19.0&#8243; _module_preset=&#8220;default&#8220; locked=&#8220;off&#8220; global_colors_info=&#8220;{}&#8220;][et_pb_column type=&#8220;1_2&#8243; _builder_version=&#8220;4.19.0&#8243; _module_preset=&#8220;default&#8220; global_colors_info=&#8220;{}&#8220;][et_pb_image src=&#8220;http:\/\/neu.klaudiadietewich.de\/wp-content\/uploads\/2023\/01\/Klaudia-Dietewich-Kuenstlerin-2010-11-Downtown-Galerie-im-Heppaecher-Foto-Stefan-Brusius-WEB.jpg&#8220; title_text=&#8220;Klaudia Dietewich K\u00fcnstlerin 2010-11, Downtown, Galerie im Hepp\u00e4cher (Foto Stefan Brusius) WEB&#8220; show_in_lightbox=&#8220;on&#8220; _builder_version=&#8220;4.19.4&#8243; _module_preset=&#8220;default&#8220; global_colors_info=&#8220;{}&#8220;][\/et_pb_image][et_pb_text _builder_version=&#8220;4.19.4&#8243; _module_preset=&#8220;default&#8220; global_colors_info=&#8220;{}&#8220;]<\/p>\n<p>Klaudia Dietewich \u201eDowntown, Galerie im Hepp\u00e4cher, 2010\u201c <br \/>(Foto: Stefan Brusius)<\/p>\n<p>[\/et_pb_text][et_pb_image src=&#8220;http:\/\/neu.klaudiadietewich.de\/wp-content\/uploads\/2023\/01\/Klaudia-Dietewich-Kuenstlerin-2010-9-Weiss-10.-Kunst-und-Kultursommer-Schloss-Untergroeningen-Foto-Michael-Schnell-WEB.jpg&#8220; title_text=&#8220;Klaudia Dietewich K\u00fcnstlerin 2010-9, Weiss, 10. Kunst- und Kultursommer, Schloss Untergr\u00f6ningen (Foto Michael Schnell) WEB&#8220; show_in_lightbox=&#8220;on&#8220; _builder_version=&#8220;4.19.4&#8243; _module_preset=&#8220;default&#8220; global_colors_info=&#8220;{}&#8220;][\/et_pb_image][et_pb_text _builder_version=&#8220;4.19.4&#8243; _module_preset=&#8220;default&#8220; global_colors_info=&#8220;{}&#8220;]<\/p>\n<p>Klaudia Dietewich \u201eWei\u00df, 10. Kunst- und Kultursommer<br \/>Schloss Untergr\u00f6ningen, 2010\u201c (Foto Michael Schnell)<\/p>\n<p>[\/et_pb_text][\/et_pb_column][et_pb_column type=&#8220;1_2&#8243; _builder_version=&#8220;4.19.0&#8243; _module_preset=&#8220;default&#8220; global_colors_info=&#8220;{}&#8220;][et_pb_image src=&#8220;http:\/\/neu.klaudiadietewich.de\/wp-content\/uploads\/2023\/01\/Klaudia-Dietewich-Kuenstlerin-2010-10-Weiss-10.-Kunst-und-Kultursommer-Schloss-Untergroeningen-Foto-Michael-Schnell-WEB.jpg&#8220; title_text=&#8220;Klaudia Dietewich K\u00fcnstlerin 2010-10, Weiss, 10. Kunst- und Kultursommer, Schloss Untergr\u00f6ningen (Foto Michael Schnell) WEB&#8220; show_in_lightbox=&#8220;on&#8220; _builder_version=&#8220;4.19.4&#8243; _module_preset=&#8220;default&#8220; global_colors_info=&#8220;{}&#8220;][\/et_pb_image][et_pb_text _builder_version=&#8220;4.19.4&#8243; _module_preset=&#8220;default&#8220; global_colors_info=&#8220;{}&#8220;]<\/p>\n<p>Klaudia Dietewich \u201eWei\u00df, 10. Kunst- und Kultursommer<br \/>Schloss Untergr\u00f6ningen, 2010\u201c (Foto Michael Schnell)<\/p>\n<p>[\/et_pb_text][et_pb_image src=&#8220;http:\/\/neu.klaudiadietewich.de\/wp-content\/uploads\/2023\/01\/Klaudia-Dietewich-Kuenstlerin-2010-8-Weiss-10.-Kunst-und-Kultursommer-Schloss-Untergroeningen-Foto-Michael-Schnell-WEB.jpg&#8220; title_text=&#8220;Klaudia Dietewich K\u00fcnstlerin 2010-8, Weiss, 10. Kunst- und Kultursommer, Schloss Untergr\u00f6ningen (Foto Michael Schnell) WEB&#8220; show_in_lightbox=&#8220;on&#8220; _builder_version=&#8220;4.19.4&#8243; _module_preset=&#8220;default&#8220; global_colors_info=&#8220;{}&#8220;][\/et_pb_image][et_pb_text _builder_version=&#8220;4.19.4&#8243; _module_preset=&#8220;default&#8220; global_colors_info=&#8220;{}&#8220;]<\/p>\n<p>Klaudia Dietewich \u201eWei\u00df, 10. Kunst- und Kultursommer<br \/>Schloss Untergr\u00f6ningen, 2010\u201c (Foto Michael Schnell)<\/p>\n<p>[\/et_pb_text][\/et_pb_column][\/et_pb_row][et_pb_row column_structure=&#8220;1_2,1_2&#8243; _builder_version=&#8220;4.19.0&#8243; _module_preset=&#8220;default&#8220; locked=&#8220;off&#8220; global_colors_info=&#8220;{}&#8220;][et_pb_column type=&#8220;1_2&#8243; _builder_version=&#8220;4.19.0&#8243; _module_preset=&#8220;default&#8220; global_colors_info=&#8220;{}&#8220;][et_pb_image src=&#8220;http:\/\/neu.klaudiadietewich.de\/wp-content\/uploads\/2023\/01\/Klaudia-Dietewich-Kuenstlerin-2010-7-Wegstuecke-Verbindungen-Haus-der-Wirtschaft-Stuttgart-Foto-Stefan-Brusius-WEB.jpg&#8220; title_text=&#8220;Klaudia Dietewich K\u00fcnstlerin 2010-7, Wegst\u00fccke, Verbindungen, Haus der Wirtschaft Stuttgart (Foto Stefan Brusius) WEB&#8220; show_in_lightbox=&#8220;on&#8220; _builder_version=&#8220;4.19.4&#8243; _module_preset=&#8220;default&#8220; global_colors_info=&#8220;{}&#8220;][\/et_pb_image][et_pb_text _builder_version=&#8220;4.19.4&#8243; _module_preset=&#8220;default&#8220; global_colors_info=&#8220;{}&#8220;]<\/p>\n<p>Klaudia Dietewich \u201eWegst\u00fccke, Verbindungen, Haus der Wirtschaft<br \/>Stuttgart, 2010\u201c (Foto: Stefan Brusius)<\/p>\n<p>[\/et_pb_text][et_pb_image src=&#8220;http:\/\/neu.klaudiadietewich.de\/wp-content\/uploads\/2023\/01\/Klaudia-Dietewich-Kuenstlerin-2010-5-Wegstuecke-Verbindungen-art@sap-SAP-Walldorf-WEB.jpg&#8220; title_text=&#8220;Klaudia Dietewich K\u00fcnstlerin 2010-5, Wegst\u00fccke, Verbindungen, art@sap, SAP Walldorf WEB&#8220; show_in_lightbox=&#8220;on&#8220; _builder_version=&#8220;4.19.4&#8243; _module_preset=&#8220;default&#8220; global_colors_info=&#8220;{}&#8220;][\/et_pb_image][et_pb_text _builder_version=&#8220;4.19.4&#8243; _module_preset=&#8220;default&#8220; global_colors_info=&#8220;{}&#8220;]<\/p>\n<p>Klaudia Dietewich \u201eWegst\u00fccke, Verbindungen, art@sap, SAP Walldorf, 2010\u201c<\/p>\n<p>[\/et_pb_text][\/et_pb_column][et_pb_column type=&#8220;1_2&#8243; _builder_version=&#8220;4.19.0&#8243; _module_preset=&#8220;default&#8220; global_colors_info=&#8220;{}&#8220;][et_pb_image src=&#8220;http:\/\/neu.klaudiadietewich.de\/wp-content\/uploads\/2023\/01\/Klaudia-Dietewich-Kuenstlerin-2010-6-Wegstuecke-Verbindungen-Haus-der-Wirtschaft-Stuttgart-WEB.jpg&#8220; title_text=&#8220;Klaudia Dietewich K\u00fcnstlerin 2010-6, Wegst\u00fccke, Verbindungen, Haus der Wirtschaft Stuttgart WEB&#8220; show_in_lightbox=&#8220;on&#8220; _builder_version=&#8220;4.19.4&#8243; _module_preset=&#8220;default&#8220; global_colors_info=&#8220;{}&#8220;][\/et_pb_image][et_pb_text _builder_version=&#8220;4.19.4&#8243; _module_preset=&#8220;default&#8220; global_colors_info=&#8220;{}&#8220;]<\/p>\n<p>Klaudia Dietewich \u201eWegst\u00fccke, Verbindungen, Haus der Wirtschaft<br \/>Stuttgart, 2010\u201c<\/p>\n<p>[\/et_pb_text][et_pb_image src=&#8220;http:\/\/neu.klaudiadietewich.de\/wp-content\/uploads\/2023\/01\/Klaudia-Dietewich-Kuenstlerin-2010-4-Wegsuecke-Verbindungen-art@sap-SAP-Walldorf-WEB.jpg&#8220; title_text=&#8220;Klaudia Dietewich K\u00fcnstlerin 2010-4, Wegs\u00fccke, Verbindungen, art@sap, SAP Walldorf WEB&#8220; show_in_lightbox=&#8220;on&#8220; _builder_version=&#8220;4.19.4&#8243; _module_preset=&#8220;default&#8220; global_colors_info=&#8220;{}&#8220;][\/et_pb_image][et_pb_text _builder_version=&#8220;4.19.4&#8243; _module_preset=&#8220;default&#8220; global_colors_info=&#8220;{}&#8220;]<\/p>\n<p>Klaudia Dietewich \u201eWegst\u00fccke, Verbindungen, art@sap, SAP Walldorf, 2010\u201c<\/p>\n<p>[\/et_pb_text][\/et_pb_column][\/et_pb_row][et_pb_row column_structure=&#8220;1_2,1_2&#8243; _builder_version=&#8220;4.19.0&#8243; _module_preset=&#8220;default&#8220; locked=&#8220;off&#8220; global_colors_info=&#8220;{}&#8220;][et_pb_column type=&#8220;1_2&#8243; _builder_version=&#8220;4.19.0&#8243; _module_preset=&#8220;default&#8220; global_colors_info=&#8220;{}&#8220;][et_pb_image src=&#8220;http:\/\/neu.klaudiadietewich.de\/wp-content\/uploads\/2023\/01\/Klaudia-Dietewich-Kuenstlerin-2010-3-UmWege-Kunstraum-Zehntscheuer-Muensingen-2-Foto-Stefan-Brusius-WEB.jpg&#8220; title_text=&#8220;Klaudia Dietewich K\u00fcnstlerin 2010-3, Um=Wege, Kunstraum Zehntscheuer, M\u00fcnsingen 2 (Foto Stefan Brusius) WEB&#8220; show_in_lightbox=&#8220;on&#8220; _builder_version=&#8220;4.19.4&#8243; _module_preset=&#8220;default&#8220; global_colors_info=&#8220;{}&#8220;][\/et_pb_image][et_pb_text _builder_version=&#8220;4.19.4&#8243; _module_preset=&#8220;default&#8220; global_colors_info=&#8220;{}&#8220;]<\/p>\n<p>Klaudia Dietewich \u201eUm=Wege, Kunstraum Zehntscheuer, M\u00fcnsingen, 2010\u201c<br \/>(Foto Stefan Brusius)<\/p>\n<p>[\/et_pb_text][et_pb_image src=&#8220;http:\/\/neu.klaudiadietewich.de\/wp-content\/uploads\/2023\/01\/Klaudia-Dietewich-Kuenstlerin-2010-1-UmWege-Kunstraum-Zehntscheuer-Muensingen-3-Foto-Stefan-Brusius-WEB.jpg&#8220; title_text=&#8220;Klaudia Dietewich K\u00fcnstlerin 2010-1, Um=Wege, Kunstraum Zehntscheuer, M\u00fcnsingen 3 (Foto Stefan Brusius) WEB&#8220; show_in_lightbox=&#8220;on&#8220; _builder_version=&#8220;4.19.4&#8243; _module_preset=&#8220;default&#8220; global_colors_info=&#8220;{}&#8220;][\/et_pb_image][et_pb_text _builder_version=&#8220;4.19.4&#8243; _module_preset=&#8220;default&#8220; global_colors_info=&#8220;{}&#8220;]<\/p>\n<p>Klaudia Dietewich \u201eUm=Wege, Kunstraum Zehntscheuer, M\u00fcnsingen, 2010\u201c<br \/>(Foto Stefan Brusius)<\/p>\n<p>[\/et_pb_text][\/et_pb_column][et_pb_column type=&#8220;1_2&#8243; _builder_version=&#8220;4.19.0&#8243; _module_preset=&#8220;default&#8220; global_colors_info=&#8220;{}&#8220;][et_pb_image src=&#8220;http:\/\/neu.klaudiadietewich.de\/wp-content\/uploads\/2023\/01\/Klaudia-Dietewich-Kuenstlerin-2010-2-UmWege-Kunstraum-Zehntscheuer-Muensingen-1-Foto-Stefan-Brusius-WEB.jpg&#8220; title_text=&#8220;Klaudia Dietewich K\u00fcnstlerin 2010-2, Um=Wege, Kunstraum Zehntscheuer, M\u00fcnsingen 1 (Foto Stefan Brusius) WEB&#8220; show_in_lightbox=&#8220;on&#8220; _builder_version=&#8220;4.19.4&#8243; _module_preset=&#8220;default&#8220; global_colors_info=&#8220;{}&#8220;][\/et_pb_image][et_pb_text _builder_version=&#8220;4.19.4&#8243; _module_preset=&#8220;default&#8220; global_colors_info=&#8220;{}&#8220;]<\/p>\n<p>Klaudia Dietewich \u201eUm=Wege, Kunstraum Zehntscheuer, M\u00fcnsingen, 2010\u201c<br \/>(Foto Stefan Brusius)<\/p>\n<p>[\/et_pb_text][et_pb_image src=&#8220;http:\/\/neu.klaudiadietewich.de\/wp-content\/uploads\/2023\/01\/Klaudia-Dietewich-Kuenstlerin-2010-0-UmWege-Kunstraum-Zehntscheuer-Muensingen-4-Foto-Stefan-Brusius-WEB.jpg&#8220; title_text=&#8220;Klaudia Dietewich K\u00fcnstlerin 2010-0, Um=Wege, Kunstraum Zehntscheuer, M\u00fcnsingen 4 (Foto Stefan Brusius) WEB&#8220; show_in_lightbox=&#8220;on&#8220; _builder_version=&#8220;4.19.4&#8243; _module_preset=&#8220;default&#8220; global_colors_info=&#8220;{}&#8220;][\/et_pb_image][et_pb_text _builder_version=&#8220;4.19.4&#8243; _module_preset=&#8220;default&#8220; global_colors_info=&#8220;{}&#8220;]<\/p>\n<p>Klaudia Dietewich \u201eUm=Wege, Kunstraum Zehntscheuer, M\u00fcnsingen, 2010\u201c<br \/>(Foto Stefan Brusius)<\/p>\n<p>[\/et_pb_text][\/et_pb_column][\/et_pb_row][et_pb_row column_structure=&#8220;1_2,1_2&#8243; _builder_version=&#8220;4.19.0&#8243; _module_preset=&#8220;default&#8220; locked=&#8220;off&#8220; global_colors_info=&#8220;{}&#8220;][et_pb_column type=&#8220;1_2&#8243; _builder_version=&#8220;4.19.0&#8243; _module_preset=&#8220;default&#8220; global_colors_info=&#8220;{}&#8220;][et_pb_image src=&#8220;https:\/\/klaudiadietewich.de\/wp-content\/uploads\/2023\/02\/Klaudia-Dietewich-Kuenstlerin-Wegstuecke-Nothing-Special-Rathaus-Stuttgart-2009.jpg&#8220; title_text=&#8220;Klaudia Dietewich K\u00fcnstlerin Wegst\u00fccke, Nothing Special, Rathaus Stuttgart, 2009&#8243; show_in_lightbox=&#8220;on&#8220; _builder_version=&#8220;4.19.5&#8243; _module_preset=&#8220;default&#8220; hover_enabled=&#8220;0&#8243; global_colors_info=&#8220;{}&#8220; sticky_enabled=&#8220;0&#8243;][\/et_pb_image][et_pb_text _builder_version=&#8220;4.19.5&#8243; _module_preset=&#8220;default&#8220; hover_enabled=&#8220;0&#8243; global_colors_info=&#8220;{}&#8220; sticky_enabled=&#8220;0&#8243;]<\/p>\n<p>Klaudia Dietewich \u201eNothing Special, Rathaus Stuttgart, 2009\u201c<\/p>\n<p>[\/et_pb_text][\/et_pb_column][et_pb_column type=&#8220;1_2&#8243; _builder_version=&#8220;4.19.0&#8243; _module_preset=&#8220;default&#8220; global_colors_info=&#8220;{}&#8220;][\/et_pb_column][\/et_pb_row][\/et_pb_section]<\/p>\n","protected":false},"excerpt":{"rendered":"<p>InstallationenKlaudia Dietewich \u201eregarde le ciel, regarde, Kirchberg a. d. Jagst, 2022\u201cKlaudia Dietewich \u201eInstallation Wegst\u00fccke, Mutlangen, Wohnquartier Mutlanger Heide, 2016\u201cKlaudia Dietewich \u201eunter uns, St\u00e4dtische Galerie Filderstadt, 2015\u201cKlaudia Dietewich \u201e\u00a0Metalimnion, regarde, Kirchberg a. d. Jagst, 2022\u201cKlaudia Dietewich \u201eInstallation Wegst\u00fccke, Mutlangen, Wohnquartier Mutlanger Heide, 2016\u201cKlaudia Dietewich \u201eregarde le ciel, angst, City Kirche KonkordienMannheim, 2015\u201cKlaudia Dietewich \u201eHimmel und H\u00f6lle, [&hellip;]<\/p>\n","protected":false},"author":1,"featured_media":0,"parent":0,"menu_order":0,"comment_status":"closed","ping_status":"closed","template":"","meta":{"_et_pb_use_builder":"on","_et_pb_old_content":"","_et_gb_content_width":"","footnotes":""},"class_list":["post-1498","page","type-page","status-publish","hentry"],"_links":{"self":[{"href":"https:\/\/klaudiadietewich.de\/en\/wp-json\/wp\/v2\/pages\/1498","targetHints":{"allow":["GET"]}}],"collection":[{"href":"https:\/\/klaudiadietewich.de\/en\/wp-json\/wp\/v2\/pages"}],"about":[{"href":"https:\/\/klaudiadietewich.de\/en\/wp-json\/wp\/v2\/types\/page"}],"author":[{"embeddable":true,"href":"https:\/\/klaudiadietewich.de\/en\/wp-json\/wp\/v2\/users\/1"}],"replies":[{"embeddable":true,"href":"https:\/\/klaudiadietewich.de\/en\/wp-json\/wp\/v2\/comments?post=1498"}],"version-history":[{"count":15,"href":"https:\/\/klaudiadietewich.de\/en\/wp-json\/wp\/v2\/pages\/1498\/revisions"}],"predecessor-version":[{"id":2159,"href":"https:\/\/klaudiadietewich.de\/en\/wp-json\/wp\/v2\/pages\/1498\/revisions\/2159"}],"wp:attachment":[{"href":"https:\/\/klaudiadietewich.de\/en\/wp-json\/wp\/v2\/media?parent=1498"}],"curies":[{"name":"wp","href":"https:\/\/api.w.org\/{rel}","templated":true}]}}